{"id":27,"date":"2025-05-31T15:52:58","date_gmt":"2025-05-31T12:52:58","guid":{"rendered":"http:\/\/localhost:8888\/wordpress\/?page_id=27"},"modified":"2026-04-06T22:28:10","modified_gmt":"2026-04-06T19:28:10","slug":"publications","status":"publish","type":"page","link":"https:\/\/imru.ekke.gr\/index.php\/publications\/","title":{"rendered":"Publications"},"content":{"rendered":"\n<div class=\"wp-block-group alignfull is-style-section-1 has-global-padding is-layout-constrained wp-block-group-is-layout-constrained is-style-section-1--1\">\n<div class=\"wp-block-columns alignwide is-layout-flex wp-container-core-columns-is-layout-28f84493 wp-block-columns-is-layout-flex\">\n<div class=\"wp-block-column is-vertically-aligned-stretch is-layout-flow wp-block-column-is-layout-flow\">\n<h2 class=\"wp-block-heading\">2025<\/h2>\n\n\n\n<hr class=\"wp-block-separator has-alpha-channel-opacity\"\/>\n\n\n\n<p class=\"has-large-font-size\" style=\"margin-top:0;margin-right:0;margin-bottom:0;margin-left:0;padding-top:0;padding-right:0;padding-bottom:0;padding-left:0\">Journal Articles<\/p>\n\n\n\n<p>Maloutas, T., Spyrellis, S.N., (2025).&nbsp;<strong>Permanence and change in urban segregation. Segregation trends in different neighbourhoods of Athens 1991-2021<\/strong>,&nbsp;<em>European Urban and Regional Studies<\/em>.&nbsp;<a href=\"https:\/\/doi.org\/10.1177\/0969776425138896\" target=\"_blank\" rel=\"noreferrer noopener\">https:\/\/doi.org\/10.1177\/0969776425138896<\/a><\/p>\n\n\n\n<p>Maloutas, T., Spyrellis, S. N., &amp; Vatavali, F<strong>.<\/strong>&nbsp;(2025).&nbsp;<strong>Unregulated Urban Regeneration in Athens: Greening and Taxation of the Built Environment as Impending Levers of Increasing Inequalities<\/strong>,&nbsp;<em>Land<\/em>, 14(4), 777.&nbsp;<a href=\"https:\/\/doi.org\/10.3390\/land14040777\" target=\"_blank\" rel=\"noreferrer noopener\">https:\/\/doi.org\/10.3390\/land14040777<\/a><\/p>\n\n\n\n<p>Skleparis D, Karyotis G, McNeill A. <strong>&#8216;Intersubjective Empathy&#8217; and the Desecuritisation of Migration: Assessing Public Attitudes and Support for Refugees in the UK<\/strong>. European Journal of International Security (Epub ahead of print).&nbsp;<a href=\"https:\/\/doi.org\/10.1017\/eis.2025.15\" target=\"_blank\" rel=\"noreferrer noopener\">https:\/\/doi.org\/10.1017\/eis.2025.15<\/a><\/p>\n\n\n\n<p>Ubareviciene, R., van Ham, M., Tammaru, T., Bas\u00edlio, L., Berzins, M., Credit, K., Silva, D., Harris, R., Kalm, K., Kauppinen, T., Krisjane, Z., Malheiros, J., Maloutas, T., Manley, D., Musterd, S., Nello, O., Nevanto, M., Novotn\u00fd, L., Ou\u0159edn\u00ed\u010dek, M., Porcel, S., Ribardi\u00e8re, A., \u0160imon, M., Sm\u0119tkowski, M., Spyrellis, S.,&nbsp;Str\u00f6mgren, M., Van Gent, W., Wessel, T., (2025).&nbsp;<strong>A Comparative Study of Socio-Economic Segregation in European Capital City-Regions: From Segregation to Desegregation?<\/strong>,&nbsp;<em>Urban Studies<\/em>. <a href=\"https:\/\/doi.org\/10.1177\/00420980251378028\" target=\"_blank\" rel=\"noreferrer noopener\">https:\/\/doi.org\/10.1177\/00420980251378028<\/a><\/p>\n\n\n\n<p>Papatzani, E. (2025) <strong>Reproducing displaceability in the Greek asylum accommodation system and its margins<\/strong>. International Journal of Housing Policy 25 (3): 477\u2013498.&nbsp;<a href=\"https:\/\/doi.org\/10.1080\/19491247.2024.2367832\" target=\"_blank\" rel=\"noreferrer noopener\">https:\/\/doi.org\/10.1080\/19491247.2024.2367832<\/a><\/p>\n\n\n\n<p><\/p>\n\n\n\n<p class=\"has-large-font-size\">Book chapters<\/p>\n\n\n\n<hr class=\"wp-block-separator has-alpha-channel-opacity\"\/>\n\n\n\n<p>G\u00f6ksel, G. U., J\u00f6dicke, A., &amp; Tramountanis, A. (2025). <strong>Religious and humanitarian duty to protect: A comparison between religious NGOs\u2019 narratives on refugees in Turkey and Greece<\/strong>. In Polak, R., Tosun, A., &amp;&nbsp;&nbsp;J\u00f6dicke, A. (Eds.), Religious and non-religious narratives on migration: Interdisciplinary perspectives (pp. 133\u2013154). Brill.&nbsp;<a href=\"https:\/\/doi.org\/10.30965\/9783657797950_008\" target=\"_blank\" rel=\"noreferrer noopener\">https:\/\/doi.org\/10.30965\/9783657797950_008<\/a><\/p>\n\n\n\n<p>\u0397atziprokopiou, P., Kandylis, G., Papatzani, E. Psallidaki, T. Varouxi, C., Vezyrgianni, K. (2025).&nbsp;<strong>Assisted return infrastructure between voluntariness and coercion. The case of AVRR in Greece<\/strong>. In Z. \u015eahin-Menc\u00fctek, S. Barthoma, S. and A. \u00d6nver Cetrez (eds)&nbsp;<em>Coerced Returns: Politics, Infrastructures and Mobilities&nbsp;<\/em>Edited Volume for IMISCOE Springer Series.<\/p>\n\n\n\n<p>Maloutas, T. &amp; Spyrellis S.N. (2025).&nbsp;<strong>Occupational categories: changing social profiles and spatial patterns in the city,<\/strong>&nbsp;in Thomas Maloutas (ed),<em>Athens: A Rapidly Changing Metropolis in the European South<\/em>, Routledge, Oxon UK and New York NY, USA, p. 130.<\/p>\n\n\n\n<p><\/p>\n\n\n\n<hr class=\"wp-block-separator has-alpha-channel-opacity\"\/>\n\n\n\n<p class=\"has-large-font-size\">Other publications<\/p>\n\n\n\n<p>Dimitriadi, A. (2025).\u00a0<em>Country report: Greece<\/em>. Friedrich-Ebert-Stiftung.\u00a0<a href=\"https:\/\/library.fes.de\/pdf-files\/bueros\/zypern\/22033.pdf\">https:\/\/library.fes.de\/pdf-files\/bueros\/zypern\/22033.pdf<\/a><\/p>\n\n\n\n<p>Karyotis G, McNeill A, Skleparis D. <strong>A new way of thinking about empathy could cool Britain&#8217;s migration rows<\/strong>. The Conversation.&nbsp;<a href=\"https:\/\/theconversation.com\/a-new-way-of-thinking-about-empathy-could-cool-britains-migration-rows-259490\" target=\"_blank\" rel=\"noreferrer noopener\">https:\/\/theconversation.com\/a-new-way-of-thinking-about-empathy-could-cool-britains-migration-rows-259490<\/a><\/p>\n\n\n\n<p>\u03a4\u03c1\u03b1\u03bc\u03bf\u03c5\u03bd\u03c4\u03ac\u03bd\u03b7\u03c2, \u0386., (2024). <strong>\u039c\u03b5\u03c4\u03ac \u03c4\u03b9\u03c2 \u03ba\u03c1\u03af\u03c3\u03b5\u03b9\u03c2: \u03c5\u03c6\u03b9\u03c3\u03c4\u03ac\u03bc\u03b5\u03bd\u03b7 \u03ba\u03b1\u03c4\u03ac\u03c3\u03c4\u03b1\u03c3\u03b7 \u03ba\u03b1\u03b9 \u03c0\u03c1\u03bf\u03c4\u03ac\u03c3\u03b5\u03b9\u03c2 \u03c0\u03bf\u03bb\u03b9\u03c4\u03b9\u03ba\u03ae\u03c2 \u03b3\u03b9\u03b1 \u03c4\u03b7\u03bd \u03ad\u03bd\u03c4\u03b1\u03be\u03b7 \u03bc\u03b5\u03c4\u03b1\u03bd\u03b1\u03c3\u03c4\u03ce\u03bd \u03ba\u03b1\u03b9 \u03c0\u03c1\u03bf\u03c3\u03c6\u03cd\u03b3\u03c9\u03bd \u03c3\u03c4\u03b7\u03bd \u0395\u03bb\u03bb\u03ac\u03b4\u03b1<\/strong>. \u03b4\u03b9\u03b1\u039d\u0395\u039f\u03c3\u03b9\u03c2.&nbsp;<a href=\"https:\/\/www.dianeosis.org\/wp-content\/uploads\/2024\/09\/Immigration_policies_upd230924.pdf\" target=\"_blank\" rel=\"noreferrer noopener\">https:\/\/www.dianeosis.org\/wp-content\/uploads\/2024\/09\/Immigration_policies_upd230924.pdf<\/a>&nbsp;&nbsp;\u03ba\u03b1\u03b9&nbsp;<a href=\"https:\/\/doi.org\/10.5281\/zenodo.13777791\" target=\"_blank\" rel=\"noreferrer noopener\">https:\/\/doi.org\/10.5281\/zenodo.13777791<\/a><\/p>\n\n\n\n<p>Tramountanis, A. (2025).<strong>Greece&#8217;s Migration and Refugee Policy. A &#8216;Success Story&#8217; Mirage?<\/strong>. Bundeszentrale f\u00fcr politische Bildung (bpb) (German Federal Agency for Civic Education). Country Profile: Greece.&nbsp;<a href=\"https:\/\/www.bpb.de\/themen\/migration-integration\/regionalprofile\/english-version-country-profiles\/558755\/greece-s-migration-and-refugee-policy\/\" target=\"_blank\" rel=\"noreferrer noopener\">https:\/\/www.bpb.de\/themen\/migration-integration\/regionalprofile\/english-version-country-profiles\/558755\/greece-s-migration-and-refugee-policy\/<\/a><\/p>\n\n\n\n<p>Papatzani, E., Schapendonk, J., Kandylis, G., Koutrolikou, P., &amp; Hatziprokopiou, P. (2025) <strong>Return Migration Infrastructures &#8211; WP3 Synthesis Report<\/strong>. GAPs: De-centring the Study of Migrant Returns and Readmission Policies in Europe and Beyond.&nbsp;<a href=\"https:\/\/doi.org\/10.5281\/zenodo.15872204\" target=\"_blank\" rel=\"noreferrer noopener\">https:\/\/doi.org\/10.5281\/zenodo.15872204<\/a><\/p>\n\n\n\n<p>Papatzani, E. (2025) <strong>Between Immobilization and Displaceability: Geographies of Refugee Camps in Greece since 2016<\/strong>, in AbouAssi, K., Diab, J. L., and Nabatchi, T. (eds.) Inside the Camp: Reimagining Refugee Governance for a Changing World (pp. 27-29). Policy and Working Paper Series, Institute for Migration Studies, School of Arts and Sciences, Lebanese American University.&nbsp;<a href=\"https:\/\/soas.lau.edu.lb\/images\/refugee-governance-changing-world.pdf\" target=\"_blank\" rel=\"noreferrer noopener\">https:\/\/soas.lau.edu.lb\/images\/refugee-governance-changing-world.pdf<\/a><\/p>\n\n\n\n<p>Papatzani, E., Psallidaki, T., Kandylis, G., Vezyrgianni, K., &amp; Varouxi, C. (2025) <strong>Country Dossier Greece: WP7 &#8211; Return Aspirations and Trajectories of Migrants. <\/strong>GAPs: De-centring the Study of Migrant Returns and Readmission Policies in Europe and Beyond.&nbsp;<a href=\"https:\/\/doi.org\/10.5281\/zenodo.14651694\" target=\"_blank\" rel=\"noreferrer noopener\">https:\/\/doi.org\/10.5281\/zenodo.14651694<\/a><\/p>\n\n\n\n<p><\/p>\n\n\n\n<hr class=\"wp-block-separator has-alpha-channel-opacity\"\/>\n<\/div>\n<\/div>\n\n\n\n<div class=\"wp-block-columns alignwide has-accent-5-color has-accent-3-background-color has-text-color has-background has-link-color wp-elements-178a623a5969d4307e362cbe94d911d7 is-layout-flex wp-container-core-columns-is-layout-28f84493 wp-block-columns-is-layout-flex\">\n<div class=\"wp-block-column is-layout-flow wp-block-column-is-layout-flow\">\n<p><\/p>\n\n\n\n<h2 class=\"wp-block-heading\">2024<\/h2>\n\n\n\n<hr class=\"wp-block-separator has-alpha-channel-opacity\"\/>\n\n\n\n<p class=\"has-large-font-size\">Journal Articles<\/p>\n\n\n\n<p>Arapoglou, V. P., &amp; Spyrellis, S. N. (2024).&nbsp;<strong>Arrival Infrastructures: Segregation of Displaced Migrants and Processes of Urban Change in Athens<\/strong>,&nbsp;<em>Geographies<\/em>,&nbsp;4(1), 182-202.&nbsp;&nbsp;<a href=\"https:\/\/doi.org\/10.3390\/geographies4010012\" target=\"_blank\" rel=\"noreferrer noopener\">https:\/\/doi.org\/10.3390\/geographies4010012<\/a><\/p>\n\n\n\n<p>Karadimitriou, N., &amp; Spyrellis, S. (2024).&nbsp;<strong>Measuring Deprivation and Micro-Segregation in Greek Integrated Sustainable Urban Development Strategies: Time to Apply a Common Method?<\/strong><em>Land<\/em>, 13(4), 552.&nbsp;<a href=\"https:\/\/doi.org\/10.3390\/land13040552\" target=\"_blank\" rel=\"noreferrer noopener\">https:\/\/doi.org\/10.3390\/land13040552<\/a><\/p>\n\n\n\n<p>Maloutas, T., Frangopoulos, Y., Makridou, A., Kostaki, E., Kourkouridis, D., &amp; Spyrellis, S. N. (2024).&nbsp;<strong>Exploring Spatial Proximity and Social Exclusion through Two Case Studies of Roma Settlements in Greece<\/strong>.&nbsp;<em>Land<\/em>, 13(2), 202.&nbsp;<a href=\"https:\/\/doi.org\/10.3390\/land13020202\" target=\"_blank\" rel=\"noreferrer noopener\">https:\/\/doi.org\/10.3390\/land13020202<\/a><\/p>\n\n\n\n<p>Polyzou, I., &amp; Spyrellis, S. N. (2024).&nbsp;<strong>Housing Practices of Albanian Immigrants in Athens: An \u201cin-between\u201d Socio-Spatial Condition.<\/strong>&nbsp;<em>Land,<\/em>&nbsp;13(7), 964.&nbsp;<a href=\"https:\/\/doi.org\/10.3390\/land13070964\" target=\"_blank\" rel=\"noreferrer noopener\">https:\/\/doi.org\/10.3390\/land13070964<\/a><\/p>\n\n\n\n<p>Tramountanis, A. (2024). <strong>A Decade of Greek Immigration and Asylum Policy (2015-2024): A Balancing Act of EU Participation, Humanitarian Obligations, and Security Concerns<\/strong>. Brown Journal of World Affairs. 30(1).&nbsp;<a href=\"https:\/\/bjwa.brown.edu\/30-1\/a-decade-of-greek-immigration-and-asylum-policy-2015-2024\/\" target=\"_blank\" rel=\"noreferrer noopener\">https:\/\/bjwa.brown.edu\/30-1\/a-decade-of-greek-immigration-and-asylum-policy-2015-2024\/<\/a><\/p>\n\n\n\n<p><\/p>\n\n\n\n<p class=\"has-large-font-size\">Book chapters<\/p>\n\n\n\n<hr class=\"wp-block-separator has-alpha-channel-opacity\"\/>\n\n\n\n<p>Dimitriadi, A., &amp; Lehmann, J. (2024). The Global Compact on Refugees in Serbia and Tunisia: Exploring the roles of EU and domestic policy actors in asylum governance. In S. Carrera Nunez, E. Karageorgiou, G. Ovacik, &amp; N. F. Tan (Eds.),\u00a0<em>Global asylum governance and the European Union\u2019s role\u00a0<\/em>(pp. 257\u2013272). Springer.\u00a0<a href=\"https:\/\/doi.org\/10.1007\/978-3-031-74866-0_15\">https:\/\/doi.org\/10.1007\/978-3-031-74866-0_15<\/a><\/p>\n\n\n\n<p>\u03a3\u03c0\u03c5\u03c1\u03ad\u03bb\u03bb\u03b7\u03c2, \u03a3. \u039d. (2024).&nbsp;<strong>\u039c\u03ad\u03bd\u03bf\u03bd\u03c4\u03b1\u03c2 \u03c3\u03c4\u03b7\u03bd \u03bf\u03b4\u03cc \u03a6\u03c5\u03bb\u03ae\u03c2<\/strong>, \u03c3\u03c4\u03bf \u039c\u03b1\u03bb\u03bf\u03cd\u03c4\u03b1\u03c2 \u0398., \u039c\u03c5\u03c9\u03c6\u03ac \u039d., \u0394\u03b7\u03bc\u03b7\u03c4\u03c1\u03ac\u03ba\u03bf\u03c5 \u0399., \u03ba\u03b1\u03b9 \u039c\u03c0\u03b1\u03bb\u03b1\u03bc\u03c0\u03b1\u03bd\u03af\u03b4\u03b7\u03c2 \u0394. (\u03b5\u03c0\u03b9\u03bc) (2024)&nbsp;<em>37 \u03b9\u03c3\u03c4\u03bf\u03c1\u03af\u03b5\u03c2 \u0391\u03b8\u03b7\u03bd\u03b1\u03ca\u03ba\u03ce\u03bd \u03c0\u03bf\u03bb\u03c5\u03ba\u03b1\u03c4\u03bf\u03b9\u03ba\u03b9\u03ce\u03bd<\/em>, \u0391\u03b8\u03ae\u03bd\u03b1: \u0399\u03b4\u03c1\u03c5\u03bc\u03b1 \u03a9\u03bd\u03ac\u03c3\u03b7.<\/p>\n\n\n\n<p>Kandylis, G., Papatzani, E., Polyzou, I. (2024) <strong>Between coexistence and marginality: migrants and socio-spatial change<\/strong>. In Maloutas, Th. (Ed.) Athens A Rapidly Changing Metropolis in the European South, pp. 63-78. Routledge: London and New York.<\/p>\n\n\n\n<p><\/p>\n\n\n\n<hr class=\"wp-block-separator has-alpha-channel-opacity\"\/>\n\n\n\n<p class=\"has-large-font-size\">Other publications<\/p>\n\n\n\n<p>Dimitriadi, A. (2024).\u00a0<em>Looking for seasonal workers: Greece\u2019s search for migrant labor\u00a0<\/em>(Policy Paper No. 164\/2024). ELIAMEP.<\/p>\n\n\n\n<p>Dimitriadi, A. (2024) The Internal Dimension in the New Pact: A Glass Half-Full. In Migration And Asylum \u2013 Towards A Joint European Response: Next Steps In Implementing The New Pact. Hanns Seidel Stiftung and Instituto Luigi Sturzo.<\/p>\n\n\n\n<p>Dimitriadi, A. (2024, December).\u00a0<em>Snapshot of migration to Greece in the last five years<\/em>. FES Briefing. Friedrich-Ebert-Stiftung.\u00a0<a href=\"https:\/\/library.fes.de\/pdf-files\/bueros\/zypern\/22038.pdf\">https:\/\/library.fes.de\/pdf-files\/bueros\/zypern\/22038.pdf<\/a><\/p>\n\n\n\n<p>\u0397atziprokopiou, P., Kandylis, G., Komita, K., Koutrolikou, P., Papatzani, E., Tramountanis, A., (2024), <strong>Legal and Policy Infrastructures of Returns in Greece &#8211; Country Dossier, GAPs Report<\/strong>&nbsp;<a href=\"https:\/\/zenodo.org\/records\/10665482\" target=\"_blank\" rel=\"noreferrer noopener\">https:\/\/zenodo.org\/records\/10665482<\/a><\/p>\n\n\n\n<p>Skleparis D. <strong>\u03a6\u03b9\u03bb\u03bf-\u0395\u03c5\u03c1\u03c9\u03c0\u03b1\u03af\u03bf\u03b9 \u03ba\u03b1\u03b9 \u0391\u03bd\u03c4\u03b9-\u039c\u03b5\u03c4\u03b1\u03bd\u03ac\u03c3\u03c4\u03b5\u03c2<\/strong>. Eteron.&nbsp;<a href=\"https:\/\/eteron.org\/filo-eyropaioi-kai-anti-metanastes\/\" target=\"_blank\" rel=\"noreferrer noopener\">https:\/\/eteron.org\/filo-eyropaioi-kai-anti-metanastes\/<\/a><\/p>\n\n\n\n<p>Tramountanis, A. (2024), <strong>Quis Custodiet Ipsos Custodes? Managing Immigrant and Refugees\u2019 Biometric Data in the Age of Artificial Intelligence<\/strong>, GAPs Blog Post: Available at:&nbsp;<a href=\"https:\/\/www.returnmigration.eu\/gapsblog\/managing-immigrant-and-refugees-biometric-data-in-the-age-of-ai\" target=\"_blank\" rel=\"noreferrer noopener\">https:\/\/www.returnmigration.eu\/gapsblog\/managing-immigrant-and-refugees-biometric-data-in-the-age-of-ai<\/a>&nbsp;&nbsp;<a href=\"https:\/\/doi.org\/10.5281\/zenodo.11181738\" target=\"_blank\" rel=\"noreferrer noopener\">https:\/\/doi.org\/10.5281\/zenodo.11181738<\/a><\/p>\n\n\n\n<p>Papatzani, E., \u0397atziprokopiou, P., Kandylis, G., Koutrolikou, P. (2024) <strong>Procedures of irregularisation in Greece: spatial, carceral and temporal aspects. WP2 Working Paper<\/strong>. GAPs: De-centring the Study of Migrant Returns and Readmission Policies in Europe and Beyond.&nbsp;<a href=\"https:\/\/doi.org\/10.5281\/zenodo.13135269\" target=\"_blank\" rel=\"noreferrer noopener\">https:\/\/doi.org\/10.5281\/zenodo.13135269<\/a><\/p>\n\n\n\n<p><\/p>\n\n\n\n<hr class=\"wp-block-separator has-alpha-channel-opacity\"\/>\n<\/div>\n<\/div>\n\n\n\n<div class=\"wp-block-columns alignwide is-layout-flex wp-container-core-columns-is-layout-28f84493 wp-block-columns-is-layout-flex\">\n<div class=\"wp-block-column is-layout-flow wp-block-column-is-layout-flow\">\n<h2 class=\"wp-block-heading\">2023<\/h2>\n\n\n\n<hr class=\"wp-block-separator has-alpha-channel-opacity\"\/>\n\n\n\n<p class=\"has-large-font-size\">Journal Articles<\/p>\n\n\n\n<p>Balampanidis, D., Polyzou, I., &amp; Spyrellis, S.N. (2023).&nbsp;<strong>Enjeux r\u00e9sidentiels \u00e0 Ath\u00e8nes : (micro)s\u00e9gr\u00e9gation dans deux immeubles typiques du centre-ville<\/strong>,&nbsp;<em>Bulletin de correspondance hell\u00e9nique moderne et contemporain<\/em>&nbsp;[En ligne], 7 | 2022, mis en ligne le 20 juin 2023, consult\u00e9 le 18 novembre 2025.&nbsp;<a href=\"https:\/\/doi.org\/10.4000\/bchmc.1136\" target=\"_blank\" rel=\"noreferrer noopener\">https:\/\/doi.org\/10.4000\/bchmc.1136<\/a><\/p>\n\n\n\n<p>Gogonas, N., &amp; Tramountanis, A. (2023). <strong>Acquiring Citizenship through Naturalization in Greece: A Sisyphean Struggle for Immigrants<\/strong>. <em>Social Sciences<\/em>, 12(10), 545. MDPI AG. doi:&nbsp;<a href=\"http:\/\/dx.doi.org\/10.3390\/socsci12100545\" target=\"_blank\" rel=\"noreferrer noopener\">http:\/\/dx.doi.org\/10.3390\/socsci12100545<\/a><\/p>\n\n\n\n<p>Mulvey G, Skleparis D, Boyle B. <strong>Territorial variance in the UK&#8217;s refugee politics and its consequences: Young Syrian refugees in England and Scotland<\/strong>. <em>Environment and Planning C: Politics and Space<\/em>, 41(5), 958\u2013975.&nbsp;<a href=\"https:\/\/doi.org\/10.1177\/23996544231165440\" target=\"_blank\" rel=\"noreferrer noopener\">https:\/\/doi.org\/10.1177\/23996544231165440<\/a><\/p>\n\n\n\n<p><\/p>\n\n\n\n<p class=\"has-large-font-size\">Book chapters<\/p>\n\n\n\n<hr class=\"wp-block-separator has-alpha-channel-opacity\"\/>\n\n\n\n<p>\u0391\u03c1\u03ac\u03c0\u03bf\u03b3\u03bb\u03bf\u03c5, \u0392., \u039a\u03bf\u03c5\u03c1\u03b1\u03c7\u03ac\u03bd\u03b7\u03c2, \u039d., \u039c\u03b1\u03bd\u03c4\u03b1\u03bd\u03af\u03ba\u03b1, \u03a1., \u03a3\u03c0\u03c5\u03c1\u03ad\u03bb\u03bb\u03b7\u03c2, \u03a3. (2023).&nbsp;<strong>\u03a5\u03c0\u03bf\u03b4\u03bf\u03bc\u03ad\u03c2 \u03c5\u03c0\u03bf\u03b4\u03bf\u03c7\u03ae\u03c2 \u03ba\u03b1\u03b9 \u03c3\u03c5\u03bc\u03c0\u03b5\u03c1\u03af\u03bb\u03b7\u03c8\u03b7\u03c2 \u03c0\u03c1\u03bf\u03c3\u03c6\u03cd\u03b3\u03c9\u03bd \u03c3\u03c4\u03b7\u03bd \u0391\u03b8\u03ae\u03bd\u03b1<\/strong>, \u03c3\u03c4\u03bf \u039c\u03b1\u03bb\u03bf\u03cd\u03c4\u03b1\u03c2 \u0398., \u03a3\u03c0\u03c5\u03c1\u03ad\u03bb\u03bb\u03b7\u03c2 \u03a3. (\u03b5\u03c0\u03b9\u03bc.)&nbsp;<em>\u039a\u03bf\u03b9\u03bd\u03c9\u03bd\u03b9\u03ba\u03cc\u03c2 \u03ac\u03c4\u03bb\u03b1\u03bd\u03c4\u03b1\u03c2 \u03c4\u03b7\u03c2 \u0391\u03b8\u03ae\u03bd\u03b1\u03c2. \u0397\u03bb\u03b5\u03ba\u03c4\u03c1\u03bf\u03bd\u03b9\u03ba\u03ae \u03c3\u03c5\u03bb\u03bb\u03bf\u03b3\u03ae \u03ba\u03b5\u03b9\u03bc\u03ad\u03bd\u03c9\u03bd \u03ba\u03b1\u03b9 \u03b5\u03c0\u03bf\u03c0\u03c4\u03b9\u03ba\u03bf\u03cd \u03c5\u03bb\u03b9\u03ba\u03bf\u03cd<\/em>.&nbsp;<a href=\"https:\/\/doi.org\/10.17902\/20971.119\" target=\"_blank\" rel=\"noreferrer noopener\">https:\/\/doi.org\/10.17902\/20971.119<\/a><\/p>\n\n\n\n<p>Dimitriadi, A. (2023). The Greek Asylum Regime: From Latecomer on Reception to \u201cInspirational Model\u201d on Asylum Procedures. In: Finotelli, C., Ponzo, I. (eds)\u00a0<em>Migration Control Logics and Strategies in Europe<\/em>. IMISCOE Research Series. Springer, Cham.\u00a0<a href=\"https:\/\/doi.org\/10.1007\/978-3-031-26002-5_16\">https:\/\/doi.org\/10.1007\/978-3-031-26002-5_16<\/a> <\/p>\n\n\n\n<p>Papatzani, E. (2023) <strong>Migrant settlement and sociospatial negotiations of interethnic encounters in Athens<\/strong>. In Kalandides, A., Mantouvalou, M., Micha, I., Stratigaki, M. (eds.) Gendered aspects of urban studies. Conversations with the work of Dina Vaiou, pp. 247-268. Athens: Nissos (in Greek).<\/p>\n\n\n\n<p><\/p>\n\n\n\n<hr class=\"wp-block-separator has-alpha-channel-opacity\"\/>\n\n\n\n<p class=\"has-large-font-size\">Other publications<\/p>\n\n\n\n<p>Dimitriadi, A. (2023). Southeast Europe, a region in transition.\u00a0<a href=\"https:\/\/www.google.com\/url?sa=t&amp;rct=j&amp;q=&amp;esrc=s&amp;source=web&amp;cd=&amp;ved=2ahUKEwjOiZ2n-K6AAxXkgf0HHah4DtwQFnoECAkQAQ&amp;url=https%3A%2F%2Flibrary.fes.de%2Fpdf-files%2Fbueros%2Fsarajevo%2F12902%2F2023-01.pdf&amp;usg=AOvVaw1xVjDXL6N3tFHUXhjbGLkI&amp;opi=89978449\"><em>Political Trends &amp; Dynamics, Vol 1\/2023,\u00a0<\/em>FES.\u00a0<\/a><\/p>\n\n\n\n<p>Tramountanis, A. (2023),<strong>Citizenship Acquisition in Greece: Seeking the Devil in the (Administrative) Details<\/strong>, ENA Report, Available at: https:\/\/doi.org\/10.5281\/zenodo.13904264&nbsp;&nbsp;<a href=\"https:\/\/www.enainstitute.org\/wp-content\/uploads\/2023\/06\/ENA_Citizenship-acquisition-in-Greece.pdf\" target=\"_blank\" rel=\"noreferrer noopener\">https:\/\/www.enainstitute.org\/wp-content\/uploads\/2023\/06\/ENA_Citizenship-acquisition-in-Greece.pdf<\/a><\/p>\n\n\n\n<p>Papatzani, E. (2023) <strong>From reception and accommodation policies to refugees\u2019 settlement? Between control, displacement, and practices of sociospatial belonging<\/strong>. ENA Institute, Migration Policy Unit,&nbsp;<a href=\"https:\/\/www.enainstitute.org\/wp-content\/uploads\/2023\/06\/ENA_Papatzani-Revised-En.pdf\" target=\"_blank\" rel=\"noreferrer noopener\">https:\/\/www.enainstitute.org\/wp-content\/uploads\/2023\/06\/ENA_Papatzani-Revised-En.pdf<\/a><\/p>\n\n\n\n<p><\/p>\n\n\n\n<hr class=\"wp-block-separator has-alpha-channel-opacity\"\/>\n<\/div>\n<\/div>\n\n\n\n<div class=\"wp-block-columns alignwide has-accent-5-color has-accent-3-background-color has-text-color has-background has-link-color wp-elements-2c88b7a84269dffc8ffb66772d0c79fb is-layout-flex wp-container-core-columns-is-layout-28f84493 wp-block-columns-is-layout-flex\">\n<div class=\"wp-block-column is-layout-flow wp-block-column-is-layout-flow\">\n<h2 class=\"wp-block-heading\">2022<\/h2>\n\n\n\n<hr class=\"wp-block-separator has-alpha-channel-opacity\"\/>\n\n\n\n<p class=\"has-large-font-size\">Journal Articles<\/p>\n\n\n\n<p>Fengler S, Bastian M, Brinkmann J, et al. (incl. Skleparis D). <strong>Covering Migration\u2014in Africa and Europe: Results from a Comparative Analysis of 11 Countries.<\/strong> <em>Journalism Practice<\/em>, 16(1), 140\u2013160.&nbsp;<a href=\"https:\/\/doi.org\/10.1080\/17512786.2020.1792333\" target=\"_blank\" rel=\"noreferrer noopener\">https:\/\/doi.org\/10.1080\/17512786.2020.1792333<\/a><\/p>\n\n\n\n<p>Karyotis G, Skleparis D, Patrikios S. <strong>New migrant activism: Frame alignment and future protest participation<\/strong>. <em>The British Journal of Politics and International Relations<\/em>, 24(2), 381\u2013400.&nbsp;<a href=\"https:\/\/doi.org\/10.1177\/1369148121103798\" target=\"_blank\" rel=\"noreferrer noopener\">https:\/\/doi.org\/10.1177\/1369148121103798<\/a><\/p>\n\n\n\n<p>Kreutler M, Fengler S, Asadi N, et al. (incl. Skleparis D). <strong>Migration Coverage in Europe, Russia and the United States: A Comparative Analysis of Coverage in 17 Countries (2015\u20132018)<\/strong>. <em>Central European Journal of Communication<\/em>, 15(2), 31.&nbsp;<a href=\"https:\/\/doi.org\/10.51480\/1899-5101.15.2(31).2\" target=\"_blank\" rel=\"noreferrer noopener\">https:\/\/doi.org\/10.51480\/1899-5101.15.2(31).2<\/a><\/p>\n\n\n\n<p>Linos, K., Carlson, M., Jakli, L., Dalma, N., Cohen, I., Veloudaki, A., Spyrellis, S.N.,(2022).&nbsp;<strong>How Do Disadvantaged Groups Seek Information about Public Services? A Randomized Controlled Trial of Communication Technologies<\/strong>.&nbsp;<em>Public Administration Review<\/em>, 82(4).&nbsp;&nbsp;<a href=\"https:\/\/doi.org\/10.1111\/puar.13437\" target=\"_blank\" rel=\"noreferrer noopener\">https:\/\/doi.org\/10.1111\/puar.13437<\/a>&nbsp;&nbsp;&nbsp;<\/p>\n\n\n\n<p>Maloutas, T., Spyrellis, S.-N.,Szab\u00f3, B., &amp; Kov\u00e1cs, Z. (2022).&nbsp;<strong>Vertical segregation in the apartment blocks of Athens and Budapest: A comparative study<\/strong>.&nbsp;<em>European Urban and Regional Studies<\/em>, 30(1), 72-90.&nbsp;&nbsp;<a href=\"https:\/\/doi.org\/10.1177\/096977642211160\" target=\"_blank\" rel=\"noreferrer noopener\">https:\/\/doi.org\/10.1177\/096977642211160<\/a><\/p>\n\n\n\n<p>Tsagkroni V, Alencar A, Skleparis D. <strong>Editorial: Media and Migration in the Covid-19 Pandemic\u2014Discourses, Policies, and Practices in Times of Crisis<\/strong>. <em>Media and Communication<\/em>, 10(2), 214\u2013217.&nbsp;&nbsp;<a href=\"https:\/\/doi.org\/10.17645\/mac.v10i2.5918\" target=\"_blank\" rel=\"noreferrer noopener\">https:\/\/doi.org\/10.17645\/mac.v10i2.5918<\/a><\/p>\n\n\n\n<p>Papatzani, E., Hatziprokopiou, P., Vlastou, F., Siotou, A. (2022) <strong>On not staying put where they have put you: mobilities disrupting the socio-spatial figurations of displacement in Greece<\/strong>. <em>Journal of Ethnic and Migration Studies<\/em> 48 (18): 4383-4401.&nbsp;<a href=\"https:\/\/doi.org\/10.1080\/1369183X.2022.2090158\" target=\"_blank\" rel=\"noreferrer noopener\">https:\/\/doi.org\/10.1080\/1369183X.2022.2090158<\/a>&nbsp;&nbsp;<\/p>\n\n\n\n<p>Papatzani, E., Psallidaki, T., Kandylis, G., Micha, I. (2022) <strong>Multiple geographies of precarity: Accommodation policies for asylum seekers in metropolitan Athens, Greece<\/strong>. <em>European Urban and Regional Studies<\/em> 29 (2): 189-203,&nbsp;<a href=\"https:\/\/doi.org\/10.1177\/09697764211040742\" target=\"_blank\" rel=\"noreferrer noopener\">https:\/\/doi.org\/10.1177\/09697764211040742<\/a><\/p>\n\n\n\n<p>Balampanidis, D., Papatzani E., Pettas, D. (2022) <strong>Socio-Spatial Effects of the Airbnb Short Term Rentals in the City of Athens<\/strong>.<em>PIXELS@humanities 2<\/em>, DOI:&nbsp;<a href=\"https:\/\/doi.org\/10.12681\/pixelsh.31643\" target=\"_blank\" rel=\"noreferrer noopener\">https:\/\/doi.org\/10.12681\/pixelsh.31643<\/a>&nbsp;(in Greek).<\/p>\n\n\n\n<p><\/p>\n\n\n\n<p class=\"has-large-font-size\">Book chapters<\/p>\n\n\n\n<hr class=\"wp-block-separator has-alpha-channel-opacity\"\/>\n\n\n\n<p>Dimitrakou, I., Balampanidis, D., Myofa, N., Polyzou I., Siatitsa, D., Spyrellis, S.N., Vakalopoulos (2022).&nbsp;<strong>Micro-segregation and coexistance in Athens: The debate on segregation and its implications for urban research<\/strong>, in eds Maloutas, T., and Karadimitriou N.,&nbsp;<em>Vertical Cities. Micro-segregation, Social Mix and Urban Housing Markets<\/em>, Cities Series, Edward Elgar Publishing.<\/p>\n\n\n\n<p>Dimitriadi, A. (2022).\u00a0\u00a0The gradual emergence of a Greek reception system amidst multiple \u201ccrises\u201d \u00a0in Caponio, T., &amp; Ponzo, I.<em>\u00a0Coping with Migrants and Refugees: Multilevel Governance across the EU<\/em>\u00a0(1st ed.).\u00a0Routledge.\u00a0<a href=\"https:\/\/doi.org\/10.4324\/9781003129950\" target=\"_blank\" rel=\"noreferrer noopener\">https:\/\/doi.org\/10.4324\/9781003129950<\/a><\/p>\n\n\n\n<p>Kandylis, G., Siatitsa, D., &amp; Maloutas, T. (2022).&nbsp;<strong>Housing as a basic infrastructure against risks: The case of COVID-19 housing support measures in Greece<\/strong>. In: Armondi, S., Balducci, A., Bovo, M. and Galimberti, B. (eds)&nbsp;<em>Cities Learning from a Pandemic<\/em>&nbsp;(pp. 171-186), Routledge.<\/p>\n\n\n\n<p>Maloutas, T., Spyrellis, S.N., Karadimitriou N., (2022).&nbsp;<strong>Measuring and Mapping Vertical Segregation in Athens<\/strong>, in eds Maloutas, T., and Karadimitriou N.,&nbsp;<em>Vertical Cities. Micro-segregation, Social Mix and Urban Housing Markets,<\/em>&nbsp;Cities Series, Edward Elgar Publishing.<\/p>\n\n\n\n<p>\u039c\u03b1\u03bb\u03bf\u03cd\u03c4\u03b1\u03c2, \u0398., \u03a3\u03c0\u03c5\u03c1\u03ad\u03bb\u03bb\u03b7\u03c2, \u03a3.(2022).&nbsp;<strong>\u0397 \u0391\u03b8\u03b7\u03bd\u03b1\u03ca\u03ba\u03ae \u03a1\u03b9\u03b2\u03b9\u03ad\u03c1\u03b1: \u039a\u03bf\u03b9\u03bd\u03c9\u03bd\u03b9\u03ba\u03ae \u03c6\u03c5\u03c3\u03b9\u03bf\u03b3\u03bd\u03c9\u03bc\u03af\u03b1 \u03ba\u03b1\u03b9 \u03b1\u03b3\u03bf\u03c1\u03ac \u03b1\u03ba\u03b9\u03bd\u03ae\u03c4\u03c9\u03bd \u03c3\u03c4\u03bf \u03c0\u03b1\u03c1\u03ac\u03ba\u03c4\u03b9\u03bf \u03bc\u03ad\u03c4\u03c9\u03c0\u03bf \u03c4\u03b7\u03c2 \u03c0\u03cc\u03bb\u03b7\u03c2<\/strong>, \u03c3\u03c4\u03bf \u039c\u03b1\u03bb\u03bf\u03cd\u03c4\u03b1\u03c2 \u0398., \u03a3\u03c0\u03c5\u03c1\u03ad\u03bb\u03bb\u03b7\u03c2 \u03a3. (\u03b5\u03c0\u03b9\u03bc.)&nbsp;<em>\u039a\u03bf\u03b9\u03bd\u03c9\u03bd\u03b9\u03ba\u03cc\u03c2 \u03ac\u03c4\u03bb\u03b1\u03bd\u03c4\u03b1\u03c2 \u03c4\u03b7\u03c2 \u0391\u03b8\u03ae\u03bd\u03b1\u03c2. \u0397\u03bb\u03b5\u03ba\u03c4\u03c1\u03bf\u03bd\u03b9\u03ba\u03ae \u03c3\u03c5\u03bb\u03bb\u03bf\u03b3\u03ae \u03ba\u03b5\u03b9\u03bc\u03ad\u03bd\u03c9\u03bd \u03ba\u03b1\u03b9 \u03b5\u03c0\u03bf\u03c0\u03c4\u03b9\u03ba\u03bf\u03cd \u03c5\u03bb\u03b9\u03ba\u03bf\u03cd.&nbsp;&nbsp;<\/em><a href=\"https:\/\/doi.org\/10.17902\/20971.108\" target=\"_blank\" rel=\"noreferrer noopener\"><em>https:\/\/doi.org\/10.17902\/20971.108<\/em><\/a><\/p>\n\n\n\n<p>Tramountanis, A. (2022). P<strong>athways to Integration and Dis-integration: An Assessment of the Greek Immigration Policy for the Inclusion of Immigrants, Applicants and Beneficiaries of International Protection<\/strong>, in Kousis, M., Chatzidaki, A., Kafetsios, K. (eds) Challenging Mobilities in and to the EU during Times of Crises. IMISCOE Research Series. Springer, Cham.&nbsp;<a href=\"https:\/\/doi.org\/10.1007\/978-3-031-11574-5_13\" target=\"_blank\" rel=\"noreferrer noopener\">https:\/\/doi.org\/10.1007\/978-3-031-11574-5_13<\/a><\/p>\n\n\n\n<p>Vlastou-Dimopoulou, F. Papatzani, E., Siotou, A., Hatziprokopiou, P. (2022) <strong>Inhabiting the permanently temporary: practices of space appropriation and mobility negotiations in \u2018hospitality structures<\/strong>\u2019. In Dimitriadi, A. &amp; Malamidis, H. (eds.) European values and the refugee \u2018crisis\u2019: the case of Greece, pp. 141-165. Athens: Nissos (in Greek).<\/p>\n\n\n\n<p>Papatzani, E. and Petracou, E. (2022) <strong>Flexible redefinitions of \u201cUs\u201d and the \u201cOthers\u201d: Refugee politics in the convergences of multiple \u201ccrises\u201d in the EU and Greece<\/strong>. In Foley, J., Korkut, U. (eds.) Contesting Cosmopolitan Europe. Euroscepticism, Crisis and Borders, pp. 143-158, Amsterdam: Amsterdam University Press.<\/p>\n\n\n\n<p><\/p>\n\n\n\n<hr class=\"wp-block-separator has-alpha-channel-opacity\"\/>\n\n\n\n<p class=\"has-large-font-size\">Books<\/p>\n\n\n\n<p>Dimitriadi, A &amp; Malamidis, X (eds), (2022), European values and the refugee crisis. Nissos Publication (in Greek).\u00a0<\/p>\n\n\n\n<p><\/p>\n\n\n\n<hr class=\"wp-block-separator has-alpha-channel-opacity\"\/>\n\n\n\n<p class=\"has-large-font-size\">Other publications<\/p>\n\n\n\n<p>Dimitriadi, A. (2022). Migration and asylum in Tunisia: Domestic interests, external influences, and policy outcomes. ASILE project. Available online:\u00a0<a href=\"https:\/\/www.asileproject.eu\/migration-and-asylum-in-tunisia-domestic-interests-external-influences-and-policy-outcomes\/\">https:\/\/www.asileproject.eu\/migration-and-asylum-in-tunisia-domestic-interests-external-influences-and-policy-outcomes\/<\/a><\/p>\n\n\n\n<p>Skleparis D. Opinion \u2013 <strong>The Tenuous Links Between &#8216;Food&#8217; and &#8216;Migration&#8217; Crises<\/strong>. E-International Relations.&nbsp;<a href=\"https:\/\/www.e-ir.info\/2022\/09\/29\/opinion-the-tenuous-links-between-food-and-migration-crises\/?fbclid=IwAR3Gj7OX8SIAcEp8z5346Uk0fkct6IooZoTZeUfqKO4w8R74qKahWAvZ2tw\" target=\"_blank\" rel=\"noreferrer noopener\">https:\/\/www.e-ir.info\/2022\/09\/29\/opinion-the-tenuous-links-between-food-and-migration-crises\/?fbclid=IwAR3Gj7OX8SIAcEp8z5346Uk0fkct6IooZoTZeUfqKO4w8R74qKahWAvZ2tw<\/a><\/p>\n\n\n\n<p>Skleparis D. K\u00fcresel Bir G\u0131da Krizi Bir &#8220;G\u00f6\u00e7 Krizine&#8221; Yol A\u00e7ar m\u0131?. Perspektif.&nbsp;<a href=\"https:\/\/perspektif.eu\/2022\/09\/27\/kuresel-bir-gida-krizi-bir-goc-krizine-yol-acar-mi\/\" target=\"_blank\" rel=\"noreferrer noopener\">https:\/\/perspektif.eu\/2022\/09\/27\/kuresel-bir-gida-krizi-bir-goc-krizine-yol-acar-mi\/<\/a><\/p>\n\n\n\n<p>Skleparis D. Bat\u0131 ve Ukraynal\u0131 M\u00fclteciler: Yeni So\u011fuk Sava\u015f M\u00fclteci Politikalar\u0131n\u0131n Ba\u015flang\u0131c\u0131 m\u0131?. Perspektif.&nbsp;<a href=\"https:\/\/perspektif.eu\/2022\/05\/05\/bati-ve-ukraynali-multeciler-yeni-soguk-savas-multeci-politikalarinin-baslangici-mi\/\" target=\"_blank\" rel=\"noreferrer noopener\">https:\/\/perspektif.eu\/2022\/05\/05\/bati-ve-ukraynali-multeciler-yeni-soguk-savas-multeci-politikalarinin-baslangici-mi\/<\/a><\/p>\n\n\n\n<p>Skleparis D. <strong>Interview \u2013 Dimitris Skleparis<\/strong>. E-International Relations.&nbsp;<a href=\"https:\/\/www.e-ir.info\/2022\/02\/26\/interview-dimitris-skleparis\/\" target=\"_blank\" rel=\"noreferrer noopener\">https:\/\/www.e-ir.info\/2022\/02\/26\/interview-dimitris-skleparis\/<\/a><\/p>\n\n\n\n<p>Tramountanis, A., Linardis, A., Mouriki, A., Gerakopoulou, P., Kondyli, D., Papaliou, O., Varouxi, C., Levine, S. (2022),<strong>Humanitarian assistance and social protection responses to the forcibly displaced in Greece<\/strong>. London: ODI.&nbsp;<a href=\"https:\/\/odi.org\/documents\/8104\/Humanitarian_assistance_and_social_protection_in_Greece.pdf\" target=\"_blank\" rel=\"noreferrer noopener\">https:\/\/odi.org\/documents\/8104\/Humanitarian_assistance_and_social_protection_in_Greece.pdf<\/a><\/p>\n\n\n\n<p>Tramountanis, A. (2022), <strong>Outlining the situation of refugees and asylum seekers in Greece during the coronavirus pandemic<\/strong>, Social Research Bulletin, No 1,&nbsp;<a href=\"https:\/\/www.ekke.gr\/uploads\/social_science_bulletin\/Bulletin%20no1_v3.pdf\" target=\"_blank\" rel=\"noreferrer noopener\">https:\/\/www.ekke.gr\/uploads\/social_science_bulletin\/Bulletin%20no1_v3.pdf<\/a><\/p>\n\n\n\n<p>Tsagkroni V, Karyotis G, Makropoulos I, et al. (incl. Skleparis D). <strong>\u039d\u03b5\u03bf\u03bb\u03b1\u03af\u03b1 \u03ba\u03b1\u03b9 \u0395\u03c5\u03c1\u03c9\u03c0\u03b1\u03ca\u03ba\u03ae \u0388\u03bd\u03c9\u03c3\u03b7: \u03a3\u03c4\u03ac\u03c3\u03b5\u03b9\u03c2, \u03a0\u03c1\u03bf\u03c3\u03b4\u03b9\u03bf\u03c1\u03b9\u03c3\u03c4\u03b9\u03ba\u03bf\u03af \u03a0\u03b1\u03c1\u03ac\u03b3\u03bf\u03bd\u03c4\u03b5\u03c2 \u03ba\u03b1\u03b9 \u0394\u03b9\u03b1\u03b3\u03b5\u03bd\u03b5\u03b1\u03ba\u03ad\u03c2 \u0394\u03c5\u03bd\u03b1\u03bc\u03b9\u03ba\u03ad\u03c2<\/strong>. diaNeosis (Report).&nbsp;<a href=\"https:\/\/doi.org\/10.13140\/RG.2.2.21051.90404\" target=\"_blank\" rel=\"noreferrer noopener\">https:\/\/doi.org\/10.13140\/RG.2.2.21051.90404<\/a><\/p>\n\n\n\n<p>Siatitsa, D. Gyftopoulou, S., Balampanidis, D., Papatzani, E. (2022) Policy Paper: <strong>For the right to the affordable rents<\/strong>. Athens: Eteron- Institute for Research and Social Change, <a href=\"https:\/\/eteron.org\/wp-content\/uploads\/2022\/06\/Enoikia_ETERON_Policy_Paper_28_6_2022.pdf\" target=\"_blank\" rel=\"noreferrer noopener\">https:\/\/eteron.org\/wp-content\/uploads\/2022\/06\/Enoikia_ETERON_Policy_Paper_28_6_2022.pdf<\/a>&nbsp;(in Greek).<\/p>\n\n\n\n<p>Etzold, B., Isikozlu, \u0395., Christ, S., Morosanu, L., Kraler, A., Pastore, F., Jacobs, C., Vlastou, F., Papatzani, E., Siotou, A., Hatziprokopiou, P., Buchenau, B., Ayoub Momani, F., Tobin, S., Al Yakoub, T., Al Jarrah, R. (2022) <strong>Nothing is more permanent than the temporary. Understanding protracted displacement and people\u2019s own&nbsp;responses<\/strong>, TRAFIG Synthesis Report. Bonn: BICC. https:\/\/doi.org\/10.5281\/zenodo.6490951 <a href=\"https:\/\/doi.org\/10.5281\/zenodo.6490951\" target=\"_blank\" rel=\"noreferrer noopener\">https:\/\/doi.org\/10.5281\/zenodo.6490951<\/a><\/p>\n\n\n\n<p><\/p>\n\n\n\n<hr class=\"wp-block-separator has-alpha-channel-opacity\"\/>\n<\/div>\n<\/div>\n\n\n\n<div class=\"wp-block-columns alignwide is-layout-flex wp-container-core-columns-is-layout-28f84493 wp-block-columns-is-layout-flex\">\n<div class=\"wp-block-column is-layout-flow wp-block-column-is-layout-flow\">\n<h2 class=\"wp-block-heading\">2021<\/h2>\n\n\n\n<hr class=\"wp-block-separator has-alpha-channel-opacity\"\/>\n\n\n\n<p class=\"has-large-font-size\">Journal Articles<\/p>\n\n\n\n<p>Karyotis G, Mulvey G, Skleparis D. <strong>Young Syrian refugees in the UK: a two-tier system of international protection?<\/strong>. Journal of Ethnic and Migration Studies, 47(3), 481\u2013500.&nbsp;<a href=\"https:\/\/doi.org\/10.1080\/1369183X.2020.1727317\" target=\"_blank\" rel=\"noreferrer noopener\">https:\/\/doi.org\/10.1080\/1369183X.2020.1727317<\/a><\/p>\n\n\n\n<p>Karyotis G, Connolly J, Collignon S, et al. (incl. Skleparis D). <strong>What drives support for social distancing? Pandemic politics, securitisation and crisis management in Britain<\/strong>. European Political Science Review, 13(4).&nbsp;<a href=\"https:\/\/doi.org\/10.1017\/S1755773921000205\" target=\"_blank\" rel=\"noreferrer noopener\">https:\/\/doi.org\/10.1017\/S1755773921000205<\/a><\/p>\n\n\n\n<p>Linos, K., Carlson, M., Jakli, L., Dalma, N., Cohen, I., Veloudaki, A., Spyrellis, S,N. (2021).&nbsp;<strong>How Do Disadvantaged Groups Seek Information about Public Services? A Randomized Controlled Trial of Communication Technologies<\/strong>,&nbsp;<em>Public Administration Review,<\/em>&nbsp;82(4)4, 2022.&nbsp;&nbsp;<a href=\"https:\/\/doi.org\/10.1111\/puar.13437\" target=\"_blank\" rel=\"noreferrer noopener\">https:\/\/doi.org\/10.1111\/puar.13437<\/a><\/p>\n\n\n\n<p>Papadopoulos, AG., Fratsea, LM, Spyrellis SN., Baltas, P (2021).&nbsp;<strong>Exploring the contribution of migrant labour in Greek agriculture.<\/strong>&nbsp;<em>Italian Review of Agri-cultural Economics<\/em>&nbsp;76(1): 33-48.&nbsp;<a href=\"https:\/\/doi.org\/10.36253\/rea-12574\" target=\"_blank\" rel=\"noreferrer noopener\">https:\/\/doi.org\/10.36253\/rea-12574<\/a><\/p>\n\n\n\n<p>Papatzani, E. Psallidaki, T., Kandylis G. and Micha E. (2021).&nbsp;<strong>Multiple geographies of precarity: Accommodation policies for asylum seekers in metropolitan Athens, Greece<\/strong>.&nbsp;<em>European Urban and Regional Studies<\/em>.&nbsp;<a href=\"https:\/\/doi.org\/10.1177\/09697764211040742\" target=\"_blank\" rel=\"noreferrer noopener\">https:\/\/doi.org\/10.1177\/09697764211040742<\/a><\/p>\n\n\n\n<p>Papatzani, E. (2021) <strong>Encountering Everyday Racist Practices: Sociospatial Negotiations of Immigrant Settlement in Athens, Greece<\/strong>. International Journal of Urban and Regional Research 45 (1): 61-79,&nbsp;<a href=\"https:\/\/doi.org\/10.1111\/1468-2427.12984\" target=\"_blank\" rel=\"noreferrer noopener\">https:\/\/doi.org\/10.1111\/1468-2427.12984&nbsp;<\/a><\/p>\n\n\n\n<p>Hatziprokopiou, P., Papatzani, E., Pastore, F., Roman, E. (2021)<strong>\u2018Constrained mobility\u2019: a feature of protracted displacement in Greece and Italy.<\/strong> Forced Migration Review 68: 59-62, Special feature: \u201cMobility and agency in protracted displacement\u201d, <a href=\"https:\/\/www.fmreview.org\/externalisation\/hatziprokopiou-papatzani-pastore-roman\/\" target=\"_blank\" rel=\"noreferrer noopener\">https:\/\/www.fmreview.org\/externalisation\/hatziprokopiou-papatzani-pastore-roman\/<\/a> .<\/p>\n\n\n\n<p>Balampanidis, D., Maloutas, T., Papatzani, E., Pettas, D. (2021)<strong>Informal urban regeneration as a way out of the crisis? Airbnb in Athens and its effects on space and society.<\/strong> Urban Research &amp; Practice 14 (3): 223-242,&nbsp;<a href=\"https:\/\/doi.org\/10.1080\/17535069.2019.1600009\" target=\"_blank\" rel=\"noreferrer noopener\">https:\/\/doi.org\/10.1080\/17535069.2019.1600009<\/a><\/p>\n\n\n\n<p><\/p>\n\n\n\n<p class=\"has-large-font-size\">Book chapters<\/p>\n\n\n\n<hr class=\"wp-block-separator has-alpha-channel-opacity\"\/>\n\n\n\n<p>Dimitriadi, A.\u00a0The EU\u2019s response to forced migration from Afghanistan\u00a0A joint way forward for returns? In Ceccorulli, M., &amp; Fassi, E. (Eds.). (2021).\u00a0<em>The EU\u2019s External Governance of Migration: Perspectives of Justice<\/em>\u00a0(1st ed.). Routledge.\u00a0<a href=\"https:\/\/doi.org\/10.4324\/9781003026341\" target=\"_blank\" rel=\"noreferrer noopener\">https:\/\/doi.org\/10.4324\/9781003026341<\/a><\/p>\n\n\n\n<p>Dimitriadi, A. and Kaya, A. (2021). \u2018EU Turkey relations on migration: transactional partnership\u2019 in Saatcioglu, B&amp; Tekin, F. (2021)\u00a0<a href=\"https:\/\/www.nomos-shop.de\/nomos\/titel\/turkey-and-the-european-union-id-86488\/\" target=\"_blank\" rel=\"noreferrer noopener\">Turkey and the European Union: Key Dynamics and Future Scenarios<\/a>,\u00a0Nomos Verlagsgesellschaft.<\/p>\n\n\n\n<p>Tramountanis, A. (2021). <strong>The integration policy for immigrants, applicants and beneficiaries of international protection in Greece: Historical assessment, challenges, perspectives<\/strong>, in Varouxi, Ch., Kakepaki, M., Sarris, N. Tramountanis, A. &amp; Tsekeris, Ch. (eds.), The Political Portrait of Greece: Issues and Challenges. Athens, EKKE. (in Greek)<\/p>\n\n\n\n<p>Papatzani, \u0395. (2021) <strong>The sociospatial dimensions of the housing and educational programmes for refugees in Athens<\/strong>. In N. Nagopoulos (ed.) The Social Sciences today. Dilemmas and perspectives beyond the crisis, pp. 161-172. Mytilene: School of Social Sciences (in Greek).&nbsp;<\/p>\n\n\n\n<p>Papatzani, E., Leivaditi, N., Petracou, E. (2021) <strong>Configuring Borders: Policies, Practices and the Case of Lesvos, Greece<\/strong>. In Barthoma, S., Cetrez, A. O. (eds.) RESPONDing to Migration: A Holistic Perspective on Migration Governance, pp. 85-100, Sweden: Uppsala University,&nbsp;<a href=\"http:\/\/urn.kb.se\/resolve?urn=urn:nbn:se:uu:diva-449097\" target=\"_blank\" rel=\"noreferrer noopener\">http:\/\/urn.kb.se\/resolve?urn=urn:nbn:se:uu:diva-449097<\/a><\/p>\n\n\n\n<p>G\u00f6kalp Aras, N. E., Papatzani, E., \u015eahin Menc\u00fctek, Z., Leivaditi, N., Petracou, E. (2021)<strong>Governance of Refugee Protection: Challenges in Europe and Beyond<\/strong>. In Barthoma, S. and Cetrez, A. O. (eds.) RESPONDing to Migration: A Holistic Perspective on Migration Governance, pp. 123-146, Sweden: Uppsala University,&nbsp;<a href=\"http:\/\/urn.kb.se\/resolve?urn=urn:nbn:se:uu:diva-449097\" target=\"_blank\" rel=\"noreferrer noopener\">http:\/\/urn.kb.se\/resolve?urn=urn:nbn:se:uu:diva-449097<\/a><\/p>\n\n\n\n<p><\/p>\n\n\n\n<hr class=\"wp-block-separator has-alpha-channel-opacity\"\/>\n\n\n\n<p class=\"has-large-font-size\">Books<\/p>\n\n\n\n<p>Varouxi, Ch., Kakepaki, M., Sarris, N. Tramountanis, A., Tsekeris, Ch.&nbsp;(eds.) (2021) <strong>The Political Portrait of Greece. Issues and Challenges<\/strong>. Athens, EKKE.<\/p>\n\n\n\n<p>Balampanidis, D., Papatzani, E., Pettas, D. (2021) <strong>Airbnb in the City: An Opportunity or a Threat?<\/strong> Athens: POLIS (in Greek).<\/p>\n\n\n\n<p><\/p>\n\n\n\n<hr class=\"wp-block-separator has-alpha-channel-opacity\"\/>\n\n\n\n<p class=\"has-large-font-size\">Other publications<\/p>\n\n\n\n<p>Tramountanis, A. (2021.07.21),<strong>Addressing the protection gap in Greece: Breaking the barriers refugees face going from humanitarian assistance to the national protection system<\/strong>. Available at:&nbsp;<a href=\"https:\/\/odi.org\/en\/insights\/addressing-the-protection-gap-in-greece\/\" target=\"_blank\" rel=\"noreferrer noopener\">https:\/\/odi.org\/en\/insights\/addressing-the-protection-gap-in-greece\/<\/a><\/p>\n\n\n\n<p>Hatziprokopiou, P., Isikozlu, E., Papatzani, E., Pastore, F. (2021) <strong>Resolving the \u2018mobility paradox\u2019: Lessons from southern Europe<\/strong>, TRAFIG Practice Note 9.&nbsp;&nbsp;Bonn: BICC.&nbsp;<a href=\"https:\/\/doi.org\/10.5281\/zenodo.5845864\" target=\"_blank\" rel=\"noreferrer noopener\">https:\/\/doi.org\/10.5281\/zenodo.5845864<\/a><\/p>\n\n\n\n<p>Roman, E., Belloni, M., Cingolani, P., Grimaldi, G., Hatziprokopiou, P., Papatzani, E., Pastore, F., Siotou A., Vlastou, F. (2021) <strong>Figurations of Displacement in southern Europe: Empirical findings and reflections on protracted displacement and translocal networks of forced migrants in Greece and Italy<\/strong>, TRAFIG Working Paper 9. Bonn: BICC.&nbsp;<a href=\"https:\/\/doi.org\/10.5281\/zenodo.5841883\" target=\"_blank\" rel=\"noreferrer noopener\">https:\/\/doi.org\/10.5281\/zenodo.5841883&nbsp;<\/a>&nbsp;<\/p>\n\n\n\n<p><\/p>\n\n\n\n<hr class=\"wp-block-separator has-alpha-channel-opacity\"\/>\n<\/div>\n<\/div>\n\n\n\n<div class=\"wp-block-columns alignwide has-accent-5-color has-accent-3-background-color has-text-color has-background has-link-color wp-elements-5acdd3761f77c7901043a2c028326f48 is-layout-flex wp-container-core-columns-is-layout-28f84493 wp-block-columns-is-layout-flex\">\n<div class=\"wp-block-column is-layout-flow wp-block-column-is-layout-flow\">\n<h2 class=\"wp-block-heading\">2020<\/h2>\n\n\n\n<hr class=\"wp-block-separator has-alpha-channel-opacity\"\/>\n\n\n\n<p class=\"has-large-font-size\">Journal Articles<\/p>\n\n\n\n<p>&nbsp;\u039a\u03b1\u03bd\u03b4\u03cd\u03bb\u03b7\u03c2, \u0393. \u03ba\u03b1\u03b9 \u039a\u03bf\u03c5\u03c4\u03c1\u03bf\u03bb\u03af\u03ba\u03bf\u03c5, \u03a0. (2020),&nbsp;<strong>\u0393\u03b5\u03c9\u03b3\u03c1\u03b1\u03c6\u03af\u03b5\u03c2 \u03b1\u03c0\u03bf\u03c4\u03c1\u03bf\u03c0\u03ae\u03c2 \u03ba\u03b1\u03b9 \u03b5\u03bb\u03ad\u03b3\u03c7\u03bf\u03c5: \u03a4\u03c1\u03b9\u03ac\u03bd\u03c4\u03b1 \u03c7\u03c1\u03cc\u03bd\u03b9\u03b1 \u03b4\u03b9\u03b1\u03c7\u03b5\u03af\u03c1\u03b9\u03c3\u03b7\u03c2 \u03c4\u03b7\u03c2 \u03c0\u03c1\u03bf\u03c3\u03c6\u03c5\u03b3\u03b9\u03ba\u03ae\u03c2 \u03ba\u03b9\u03bd\u03b7\u03c4\u03b9\u03ba\u03cc\u03c4\u03b7\u03c4\u03b1\u03c2 \u03c3\u03c4\u03b7\u03bd \u0395\u03c5\u03c1\u03ce\u03c0\u03b7<\/strong>,&nbsp;<em>\u0393\u03b5\u03c9\u03b3\u03c1\u03b1\u03c6\u03af\u03b5\u03c2<\/em>&nbsp;34.[1]&nbsp;<a href=\"https:\/\/ejournals.epublishing.ekt.gr\/index.php\/geographies\/article\/view\/33729\/25616\" target=\"_blank\" rel=\"noreferrer noopener\">https:\/\/ejournals.epublishing.ekt.gr\/index.php\/geographies\/article\/view\/33729\/25616<\/a><\/p>\n\n\n\n<p>Kyle J, Skleparis D, Mair FS, Gallacher KI. <strong>What helps and hinders the provision of healthcare that minimises treatment burden and maximises patient capacity? <\/strong>BMJ Open, 10, e034113.&nbsp;<a href=\"https:\/\/doi.org\/10.1136\/bmjopen-2019-034113\" target=\"_blank\" rel=\"noreferrer noopener\">https:\/\/doi.org\/10.1136\/bmjopen-2019-034113<\/a><\/p>\n\n\n\n<p>Skleparis D, Augestad Knudsen R. <strong>Localising &#8216;radicalisation&#8217;: Risk assessment practices in Greece and the United Kingdom<\/strong>. British Journal of Politics and International Relations, 22(2), 309\u2013327.&nbsp;&nbsp;<a href=\"https:\/\/doi.org\/10.1177\/1369148120910987\" target=\"_blank\" rel=\"noreferrer noopener\">https:\/\/doi.org\/10.1177\/1369148120910987<\/a><\/p>\n\n\n\n<p>Papatzani, E. and Knappers, L. (2020) <strong>Negotiations of Socio-Spatial Coexistence through Everyday Encounters in Central Athens, Greece<\/strong>. Urban Planning 5 (3): 150-162,&nbsp;<a href=\"https:\/\/doi.org\/10.17645\/up.v5i3.2882\" target=\"_blank\" rel=\"noreferrer noopener\">https:\/\/doi.org\/10.17645\/up.v5i3.2882<\/a>.&nbsp;<\/p>\n\n\n\n<p><\/p>\n\n\n\n<p class=\"has-large-font-size\">Book chapters<\/p>\n\n\n\n<hr class=\"wp-block-separator has-alpha-channel-opacity\"\/>\n\n\n\n<p>Papatzani, E. (2020) <strong>The geography of the \u2018ESTIA\u2019 accommodation program for asylum seekers in Athens<\/strong>. In Maloutas T., Spyrellis S. (eds) Athens Social Atlas. Digital compendium of texts and visual material, <a href=\"https:\/\/www.athenssocialatlas.gr\/en\/article\/the-geography-of-the-estia-accommodation-program\/\" target=\"_blank\" rel=\"noreferrer noopener\">https:\/\/www.athenssocialatlas.gr\/en\/article\/the-geography-of-the-estia-accommodation-program\/<\/a><\/p>\n\n\n\n<p><\/p>\n\n\n\n<hr class=\"wp-block-separator has-alpha-channel-opacity\"\/>\n\n\n\n<p class=\"has-large-font-size\">Books<\/p>\n\n\n\n<p>A. Frangiskou, G. Kandylis, A. Mouriki, N. Sarris, T. Stathopoulou, M. Thanopoulou, J. Tsiganou, Ch. Varouxi (2020).&nbsp;<strong>From reception to integration: migrant populations in Greece during and in the aftermath of the crisis<\/strong>. Athens: EKKE.&nbsp;&nbsp;<a href=\"https:\/\/doi.org\/10.17902\/9789606834288\" target=\"_blank\" rel=\"noreferrer noopener\">https:\/\/doi.org\/10.17902\/9789606834288<\/a><\/p>\n\n\n\n<p><\/p>\n\n\n\n<hr class=\"wp-block-separator has-alpha-channel-opacity\"\/>\n\n\n\n<p class=\"has-large-font-size\">Other publications<\/p>\n\n\n\n<p>Dimitriadi, A. (2020). The future of European migration and asylum policy post COVID-19. In FEPS Covid Response Paper. Brussels: Foundation for European Progressive Studies. Available online:\u00a0<a href=\"https:\/\/www.feps-europe.eu\/resources\/publications\/745-the-future-of-european-migration-and-asylum-policy-post-covid19.html\" target=\"_blank\" rel=\"noreferrer noopener\">https:\/\/www.feps-europe.eu\/resources\/publications\/745-the-future-of-european-migration-and-asylum-policy-post-covid19.html<\/a><\/p>\n\n\n\n<p>Leontitsis V, Tsagkroni V, Vosinakis G, et al. (incl. Skleparis D). <strong>\u03a3\u03c5\u03b3\u03ba\u03c1\u03b9\u03c4\u03b9\u03ba\u03ae \u0391\u03bd\u03ac\u03bb\u03c5\u03c3\u03b7 \u0388\u03bd\u03c4\u03b1\u03be\u03b7\u03c2 \u039c\u03b5\u03c4\u03b1\u03bd\u03b1\u03c3\u03c4\u03ce\u03bd \u03ba\u03b1\u03b9 \u03a0\u03c1\u03bf\u03c3\u03c6\u03cd\u03b3\u03c9\u03bd \u03c3\u03c4\u03b7\u03bd \u0395\u03bb\u03bb\u03ac\u03b4\u03b1<\/strong>. diaNEOsis (Report).&nbsp;<a href=\"https:\/\/doi.org\/10.13140\/RG.2.2.22623.41123\" target=\"_blank\" rel=\"noreferrer noopener\">https:\/\/doi.org\/10.13140\/RG.2.2.22623.41123<\/a><\/p>\n\n\n\n<p>Skleparis D.<strong>&#8216;All animals are equal&#8217;: the relationship between the Cummings row and public trust in democracy<\/strong>. LSE British Politics and Policy.&nbsp;<a href=\"https:\/\/blogs.lse.ac.uk\/politicsandpolicy\/trust-in-democracy-lockdown\/\" target=\"_blank\" rel=\"noreferrer noopener\">https:\/\/blogs.lse.ac.uk\/politicsandpolicy\/trust-in-democracy-lockdown\/<\/a><\/p>\n\n\n\n<p>G\u00f6kalp Aras, N. E., Papatzani, E., \u015eahin Menc\u00fctek, Z., Leivaditi, N., Petracou, E. (2020) <strong>Refugee Protection in Europe and Beyond. Comparative Report<\/strong>, RESPOND Working Papers, Global Migration: Consequences and Responses (#770564 Horizon 2020), Paper 2020\/61, August 2020.&nbsp;<a href=\"https:\/\/doi.org\/10.5281\/zenodo.3975028\" target=\"_blank\" rel=\"noreferrer noopener\">https:\/\/doi.org\/10.5281\/zenodo.3975028&nbsp;<\/a><\/p>\n\n\n\n<p><\/p>\n\n\n\n<hr class=\"wp-block-separator has-alpha-channel-opacity\"\/>\n<\/div>\n<\/div>\n\n\n\n<div class=\"wp-block-columns alignwide is-layout-flex wp-container-core-columns-is-layout-28f84493 wp-block-columns-is-layout-flex\">\n<div class=\"wp-block-column is-layout-flow wp-block-column-is-layout-flow\">\n<h2 class=\"wp-block-heading\">2019<\/h2>\n\n\n\n<hr class=\"wp-block-separator has-alpha-channel-opacity\"\/>\n\n\n\n<p class=\"has-large-font-size\">Journal Articles<\/p>\n\n\n\n<p>Kandylis, G. (2019).&nbsp;<strong>Accommodation as Displacement: Notes from Refugee Camps in Greece in 2016<\/strong>,&nbsp;<em>Journal of Refugee Studies<\/em>&nbsp;32(1), p.i12-i21.&nbsp;<a href=\"https:\/\/doi.org\/10.1093\/jrs\/fey065\" target=\"_blank\" rel=\"noreferrer noopener\">https:\/\/doi.org\/10.1093\/jrs\/fey065<\/a><\/p>\n\n\n\n<p>Maloutas, T. Spyrellis, S. (2019).&nbsp;<strong>Inequality and segregation in Athens: Maps and data,<\/strong>&nbsp;in Maloutas T., Spyrellis S. (eds)&nbsp;<em>Athens Social Atlas<\/em>. Digital compendium of texts and visual material.&nbsp;<a href=\"https:\/\/doi.org\/10.17902\/20971.92\" target=\"_blank\" rel=\"noreferrer noopener\">https:\/\/doi.org\/10.17902\/20971.92<\/a><\/p>\n\n\n\n<p>Maloutas, T., &amp; Spyrellis, S. N. (2020).&nbsp;<strong>Segregation trends in Athens: the changing residential distribution of occupational categories during the 2000s<\/strong>.&nbsp;<em>Regional Studies<\/em>,&nbsp;<em>54<\/em>(4), 462\u2013471.&nbsp;<a href=\"https:\/\/doi.org\/10.1080\/00343404.2018.1556392\" target=\"_blank\" rel=\"noreferrer noopener\">https:\/\/doi.org\/10.1080\/00343404.2018.1556392<\/a><\/p>\n\n\n\n<p>Maloutas, T., Spyrellis, S. N., &amp; Capella, A. (2019),&nbsp;<strong>Residential segregation and educational performance. The case of Athens<\/strong>,&nbsp;<em>Urban Studies<\/em>, 56(15), 3143-3161&nbsp;<a href=\"https:\/\/doi.org\/10.1177\/0042098019826033\" target=\"_blank\" rel=\"noreferrer noopener\">https:\/\/doi.org\/10.1177\/0042098019826033<\/a><\/p>\n\n\n\n<p>Maloutas, T., Spyrellis, S. N., Hadjiyanni, A., Capella, A., Valassi, D. (2019).&nbsp;<strong>Residential and school segregation as parameters of educational performance in Athens<\/strong>,&nbsp;<em>Cybergeo: European Journal of Geography<\/em>, Espace, Soci\u00e9t\u00e9, Territoire, Article 917.&nbsp;<a href=\"https:\/\/doi.org\/10.4000\/cybergeo.33085\" target=\"_blank\" rel=\"noreferrer noopener\">https:\/\/doi.org\/10.4000\/cybergeo.33085<\/a><\/p>\n\n\n\n<p>Balampanidis, D., Papatzani E., Pettas, D. (2019) <strong>The spread of Airbnb in Athens: Effects on housing, institutional arrangements and \u201calternative\u201d initiatives<\/strong>. Geographies: A biannual review on spatial issues 33: 65-76 (in Greek).<\/p>\n\n\n\n<p>Balampanidis D., Papatzani E., Pettas, D. (2019) <strong>Policies for the confrontation of short-term rentals\u2019 impacts. The need to take into account the spatial dimensions of the phenomenon<\/strong>. Sygchrona Themata 143-144: 33-37 (in Greek).<\/p>\n\n\n\n<p><\/p>\n\n\n\n<p class=\"has-large-font-size\">Book chapters<\/p>\n\n\n\n<hr class=\"wp-block-separator has-alpha-channel-opacity\"\/>\n\n\n\n<p>Balampanidis, D., Papatzani E., Pettas D. (2019) <strong>The effects of Airbnb in Athens: Urban space, housing and society<\/strong>. In: Kourahanis N. (ed.) Housing and Society: Problems, Policies and social movements. Athens: Dionikos, pp. 121-143 (in Greek).<\/p>\n\n\n\n<p><\/p>\n\n\n\n<hr class=\"wp-block-separator has-alpha-channel-opacity\"\/>\n<\/div>\n<\/div>\n\n\n\n<div class=\"wp-block-columns alignwide has-accent-5-color has-accent-3-background-color has-text-color has-background has-link-color wp-elements-877744d4fde3d37bfd0005a5c90062fa is-layout-flex wp-container-core-columns-is-layout-28f84493 wp-block-columns-is-layout-flex\">\n<div class=\"wp-block-column is-layout-flow wp-block-column-is-layout-flow\">\n<h2 class=\"wp-block-heading\">2018<\/h2>\n\n\n\n<hr class=\"wp-block-separator has-alpha-channel-opacity\"\/>\n\n\n\n<p class=\"has-large-font-size\">Journal Articles<\/p>\n\n\n\n<p>Crawley H, Skleparis D. <strong>Refugees, migrants, neither, both: categorical fetishism and the politics of bounding in Europe&#8217;s &#8216;migration crisis<\/strong>&#8216;. <em>Journal of Ethnic and Migration Studies<\/em>, 44(1), 48\u201364.&nbsp;<a href=\"https:\/\/doi.org\/10.1080\/1369183X.2017.1348224\" target=\"_blank\" rel=\"noreferrer noopener\">https:\/\/doi.org\/10.1080\/1369183X.2017.1348224<\/a><\/p>\n\n\n\n<p>Stevens, D &amp; Dimitriadi , A. (2018): Crossing the Eastern Mediterranean Sea in Search of \u201cProtection \u201d,\u00a0<em>Journal of Immigrant &amp; Refugee Studies<\/em>,\u00a0<a href=\"https:\/\/doi.org\/10.1080\/15562948.2018.1444831\">https:\/\/doi.org\/10.1080\/15562948.2018.1444831<\/a><\/p>\n\n\n\n<p>Skleparis D. <strong>&#8216;A Europe without Walls, without Fences, without Borders&#8217;: A Desecuritisation of Migration Doomed to Fail<\/strong>. <em>Political Studies<\/em>, 66(4), 985\u20131001.&nbsp;<a href=\"https:\/\/doi.org\/10.1177\/0032321717729631\" target=\"_blank\" rel=\"noreferrer noopener\">https:\/\/doi.org\/10.1177\/0032321717729631<\/a><\/p>\n\n\n\n<p><\/p>\n\n\n\n<p class=\"has-large-font-size\">Book chapters<\/p>\n\n\n\n<hr class=\"wp-block-separator has-alpha-channel-opacity\"\/>\n\n\n\n<p>Kandylis, G., Maloutas, T. and Myofa, N. (2018).&nbsp;<strong>Exceptional social housing in a residual welfare state: Housing estates in Athens, Greece<\/strong>. In: Hess, D.B., Tammaru, T., van Ham, M. (eds)&nbsp;<em>Housing Estates in Europe: Poverty, Etnic Segregation and Policy Challenges,<\/em>&nbsp;(pp. 77-98), Cham, Springer.<\/p>\n\n\n\n<p><\/p>\n\n\n\n<hr class=\"wp-block-separator has-alpha-channel-opacity\"\/>\n\n\n\n<p class=\"has-large-font-size\">Books<\/p>\n\n\n\n<p>Dimitriadi, A. (2018). Irregular Afghan migration to Europe: At the margins looking in. Palgrave Macmillan.<\/p>\n\n\n\n<p><\/p>\n\n\n\n<hr class=\"wp-block-separator has-alpha-channel-opacity\"\/>\n\n\n\n<p class=\"has-large-font-size\">Other publications<\/p>\n\n\n\n<p>Dimitriadi, A. (2018) Searching for Asylum in the Mediterranean:\u00a0\u00a0From Greece and the EU-Turkey Statement to Regional Disembarkation Arrangements. Heinrich-B\u00f6ll-Stiftung\u00a0<a href=\"https:\/\/eu.boell.org\/en\/2018\/10\/05\/searching-asylum-mediterranean\">https:\/\/eu.boell.org\/en\/2018\/10\/05\/searching-asylum-mediterranean<\/a><\/p>\n\n\n\n<p>Dimitriadi, A (2018) \u201cEU-Turkey Relations and Irregular Migration: Transactional Cooperation in the Making\u201d Online Paper No. 16, FEUTURE Project. (with contributions from Ayhan Kaya, Ba\u015fak Kale,Tinatin Zurabishvil )<\/p>\n\n\n\n<p>Karyotis G, Colburn B, Doyle L, et al. (incl. Skleparis D).<strong>Building a New Life in Britain: The Skills, Experiences and Aspirations of Young Syrian Refugees<\/strong>. Policy Scotland (Report).&nbsp;<a href=\"https:\/\/doi.org\/10.13140\/RG.2.2.21996.26245\" target=\"_blank\" rel=\"noreferrer noopener\">https:\/\/doi.org\/10.13140\/RG.2.2.21996.26245<\/a><\/p>\n\n\n\n<p>Skleparis D. <strong>Refugee Integration in Mainland Greece: Prospects and Challenges. <\/strong>Ya\u015far University, UNESCO Chair on International Migration (Report).&nbsp;<a href=\"https:\/\/doi.org\/10.1177\/0032321717729631\" target=\"_blank\" rel=\"noreferrer noopener\">https:\/\/doi.org\/10.1177\/0032321717729631<\/a><\/p>\n\n\n\n<p>Skleparis D, Karyotis G. <strong>Integrationspolitik in Griechenland<\/strong>. Konrad-Adenauer-Stiftung(Report).&nbsp;<a href=\"https:\/\/www.kas.de\/de\/analysen-und-argumente\/detail\/-\/content\/integrationspolitik-in-griechenland\" target=\"_blank\" rel=\"noreferrer noopener\">https:\/\/www.kas.de\/de\/analysen-und-argumente\/detail\/-\/content\/integrationspolitik-in-griechenland<\/a>.&nbsp;<\/p>\n\n\n\n<p>Tramountanis, A. (2018.08.13), <strong>Young Greeks 2018 &#8211; No longer so attached to the idea of Greek ethnicity<\/strong>. Available at:&nbsp;<a href=\"https:\/\/dpart.org\/no-longer-so-attached-to-the-idea-of-greek-ethnicity\/\" target=\"_blank\" rel=\"noreferrer noopener\">https:\/\/dpart.org\/no-longer-so-attached-to-the-idea-of-greek-ethnicity\/<\/a>&nbsp;&nbsp;&nbsp;<\/p>\n\n\n\n<p>Tramountanis, A. (2018.07.16),<strong>The economic crisis has shaken Greeks\u2019 confidence in the open society<\/strong>. Available at:&nbsp;<a href=\"https:\/\/dpart.org\/the-economic-crisis-has-shaken-greeks-confidence-in-an-open-society\/\" target=\"_blank\" rel=\"noreferrer noopener\">https:\/\/dpart.org\/the-economic-crisis-has-shaken-greeks-confidence-in-an-open-society\/<\/a><\/p>\n\n\n\n<p><\/p>\n\n\n\n<hr class=\"wp-block-separator has-alpha-channel-opacity\"\/>\n<\/div>\n<\/div>\n\n\n\n<div class=\"wp-block-columns alignwide is-layout-flex wp-container-core-columns-is-layout-28f84493 wp-block-columns-is-layout-flex\">\n<div class=\"wp-block-column is-layout-flow wp-block-column-is-layout-flow\">\n<h2 class=\"wp-block-heading\">2017<\/h2>\n\n\n\n<hr class=\"wp-block-separator has-alpha-channel-opacity\"\/>\n\n\n\n<p class=\"has-large-font-size\">Journal Articles<\/p>\n\n\n\n<p>Afouxenidis, A., Petrou, M., Kandylis, G., Tramountanis, A., Giannaki, D. (2017). <strong>Dealing with a humanitarian crisis: refugees on the Eastern EU border of the island of Lesvos<\/strong>, Journal of Applied Security Research, 12 (1), pp. 7-39,&nbsp;<a href=\"http:\/\/dx.doi.org\/10.1080\/19361610.2017.1228023\" target=\"_blank\" rel=\"noreferrer noopener\">http:\/\/dx.doi.org\/10.1080\/19361610.2017.1228023<\/a><\/p>\n\n\n\n<p>Dimitriadi, A. (2017) Governing irregular migration at the margins of Europe. The case of hotspots on the Greek islands,\u00a0<em>Etnografia e ricerca qualitative<\/em>\u00a01:75-96, https:\/\/www.rivisteweb.it\/doi\/10.3240\/86888 <\/p>\n\n\n\n<p>Dimitriadi, A. (2017). In Search of Asylum: Afghan Migrants in Greece. European Journal of Migration and Law, 19(1), 57-76.\u00a0<a href=\"https:\/\/doi.org\/10.1163\/15718166-12342115\">https:\/\/doi.org\/10.1163\/15718166-12342115<\/a><\/p>\n\n\n\n<p>Skleparis D. <strong>The Politics of Migrant Resistance amid the Greek Economic Crisis<\/strong>. International Political Sociology, 11(2), 113\u2013129.&nbsp;<a href=\"https:\/\/doi.org\/10.1093\/ips\/olw014\" target=\"_blank\" rel=\"noreferrer noopener\">https:\/\/doi.org\/10.1093\/ips\/olw014<\/a><\/p>\n\n\n\n<p>Skleparis D. <strong>European Governments&#8217; Responses to the &#8216;Refugee Crisis&#8217;: the Interdependence of EU Internal and External Controls<\/strong>. Southeastern Europe, 41(3), 276\u2013301.&nbsp;<a href=\"https:\/\/doi.org\/10.1163\/18763332-04103004\" target=\"_blank\" rel=\"noreferrer noopener\">https:\/\/doi.org\/10.1163\/18763332-04103004<\/a>&nbsp;&nbsp;&nbsp;<\/p>\n\n\n\n<p><\/p>\n\n\n\n<p class=\"has-large-font-size\">Book chapters<\/p>\n\n\n\n<hr class=\"wp-block-separator has-alpha-channel-opacity\"\/>\n\n\n\n<p>Anagnostou D, Skleparis D. <strong>Human rights in European prisons: can the implementation of Strasbourg Court judgments influence penitentiary reform domestically?<\/strong>. In: Daems T; Robert L (eds), Europe in Prisons. Palgrave Macmillan, pp.37\u201377.&nbsp;<a href=\"https:\/\/doi.org\/10.1007\/978-3-319-62250-7_3\" target=\"_blank\" rel=\"noreferrer noopener\">https:\/\/doi.org\/10.1007\/978-3-319-62250-7_3<\/a><\/p>\n\n\n\n<p>Skleparis D. <strong>Rationalising human rights violations in immigration enforcement: the case of Greek security professionals<\/strong>. In: O&#8217;Neill M; Swinton K (eds), Challenges and Critiques of the EU Internal Security Strategy. Cambridge Scholars, pp. 85\u2013112.&nbsp;<\/p>\n\n\n\n<p>Tramountanis, A. (2017). <strong>\u03a4he Refugee Crisis in Greece and the EU: Political and Social Dimensions<\/strong>, in Demertzis, N., et. al (eds) \u201cThe Social Portrait of Greece: 2016-2017\u201d,&nbsp;&nbsp;pp.101-116, National Centre for Social Research &#8211; ION Publications, Athens (in greek)<\/p>\n\n\n\n<p><\/p>\n\n\n\n<hr class=\"wp-block-separator has-alpha-channel-opacity\"\/>\n\n\n\n<p class=\"has-large-font-size\">Other publications<\/p>\n\n\n\n<p>Anagnostou D, Skleparis D.<strong>Radicalisation that may lead to Violence: Policy Report on Greece<\/strong>. ELIAMEP (Report).&nbsp;<a href=\"https:\/\/www.eliamep.gr\/wp-content\/uploads\/2017\/04\/Report.Greece.FINAL_.pdf\" target=\"_blank\" rel=\"noreferrer noopener\">https:\/\/www.eliamep.gr\/wp-content\/uploads\/2017\/04\/Report.Greece.FINAL_.pdf<\/a><\/p>\n\n\n\n<p>Dimitriadi, A. (2017) \u201cThe Long Road To Integration \u2013 Possibilities And Obstacles\u00a0\u00a0For Newly Arrived Asylum Seekers In Greece\u201d in (ed) Story of Journey across Europe: from first reception to integration of migrants, SOLIDAR and FEPS.\u00a0<\/p>\n\n\n\n<p>Dimitriadi, A. (2017) Lessons from the frontline: What can be learnt from the Greek experience, in Pastore F (ed) \u2018Beyond the Migration and Asylum crisis: options and lessons for Europe\u2019, Rome: Aspen Institute<\/p>\n\n\n\n<p>Dzhekova R, Moravec L, Bl\u00e1hov\u00e1 P, et al. (incl. Skleparis D).<strong> Situational Assessment of Extremist Trends<\/strong>. Center for the Study of Democracy (Report).<\/p>\n\n\n\n<p>Skleparis D. <strong>Explaining the absence of Islamist terrorist attacks and radicalisation in Greece<\/strong>. ELIAMEP (Online).&nbsp;<a href=\"https:\/\/eprints.ncl.ac.uk\/file_store\/production\/259744\/1262DF8C-D1B7-427A-8B81-3541D9DC839B.pdf\" target=\"_blank\" rel=\"noreferrer noopener\">https:\/\/eprints.ncl.ac.uk\/file_store\/production\/259744\/1262DF8C-D1B7-427A-8B81-3541D9DC839B.pdf<\/a><\/p>\n\n\n\n<p>Skleparis D. <strong>The Greek response to the migration challenge: 2015\u20132017<\/strong>. Konrad-Adenauer-Stiftung (Report).&nbsp;<a href=\"https:\/\/www.kas.de\/c\/document_library\/get_file?uuid=9ca070c8-b546-01ac-e85a-df93ea2e5297&amp;groupId=252038\" target=\"_blank\" rel=\"noreferrer noopener\">https:\/\/www.kas.de\/c\/document_library\/get_file?uuid=9ca070c8-b546-01ac-e85a-df93ea2e5297&amp;groupId=252038<\/a>)&nbsp;<\/p>\n\n\n\n<p><\/p>\n\n\n\n<hr class=\"wp-block-separator has-alpha-channel-opacity\"\/>\n<\/div>\n<\/div>\n\n\n\n<div class=\"wp-block-columns alignwide has-accent-5-color has-accent-3-background-color has-text-color has-background has-link-color wp-elements-b1dcccb5f4382fac89a309f832040692 is-layout-flex wp-container-core-columns-is-layout-28f84493 wp-block-columns-is-layout-flex\">\n<div class=\"wp-block-column is-layout-flow wp-block-column-is-layout-flow\">\n<h2 class=\"wp-block-heading\">2016<\/h2>\n\n\n\n<hr class=\"wp-block-separator has-alpha-channel-opacity\"\/>\n\n\n\n<p class=\"has-large-font-size\">Journal Articles<\/p>\n\n\n\n<p>Lazaridis G, Skleparis D. <strong>Securitization of migration and the far right: the case of Greek security professionals<\/strong>. International Migration, 54(2), 176\u2013192.&nbsp;<a href=\"https:\/\/doi.org\/10.1111\/imig.12219\" target=\"_blank\" rel=\"noreferrer noopener\">https:\/\/doi.org\/10.1111\/imig.12219<\/a><\/p>\n\n\n\n<p>Maloutas, T., &amp; Spyrellis S.N. (2016).&nbsp;<strong>Vertical segregation: Mapping the vertical social stratification of residents in Athenian apartment buildings<\/strong>,&nbsp;<em>M\u00e9diterran\u00e9e&nbsp;<\/em>[Online], 127.&nbsp;&nbsp;<a href=\"https:\/\/doi.org\/10.4000\/mediterranee.8378\" target=\"_blank\" rel=\"noreferrer noopener\">https:\/\/doi.org\/10.4000\/mediterranee.8378<\/a><\/p>\n\n\n\n<p>Skleparis D. <strong>(In)securitization and illiberal practices on the fringe of the EU<\/strong>. European Security, 25(1), 92\u2013111.&nbsp;<a href=\"https:\/\/doi.org\/10.1080\/09662839.2015.1080160\" target=\"_blank\" rel=\"noreferrer noopener\">https:\/\/doi.org\/10.1080\/09662839.2015.1080160<\/a><\/p>\n\n\n\n<p><\/p>\n\n\n\n<p class=\"has-large-font-size\">Book chapters<\/p>\n\n\n\n<hr class=\"wp-block-separator has-alpha-channel-opacity\"\/>\n\n\n\n<p>Bolani L, Gemi E, Skleparis D. <strong>Refugee Crisis and Asylum Policies in Greece and Italy<\/strong>. In: Shteiwi M (ed), Migrants and Refugees. EuroMeSCo, pp.83\u2013109.<\/p>\n\n\n\n<p>Karyotis G, Skleparis D.<strong> Resistance to the criminalization of migration: migrant protest in Greece<\/strong>. In: Furman R; Lamphear G; Epps D (eds), The Immigrant Other. Columbia University Press, pp.266\u2013282.<\/p>\n\n\n\n<p>\u039c\u03b1\u03bb\u03bf\u03cd\u03c4\u03b1\u03c2, \u0398., \u03a3\u03c0\u03c5\u03c1\u03ad\u03bb\u03bb\u03b7\u03c2, \u03a3. (2016).&nbsp;<strong>\u039a\u03b5\u03bd\u03ad\u03c2 \u03ba\u03b1\u03c4\u03bf\u03b9\u03ba\u03af\u03b5\u03c2<\/strong>, \u03c3\u03c4\u03bf \u039c\u03b1\u03bb\u03bf\u03cd\u03c4\u03b1\u03c2 \u0398., \u03a3\u03c0\u03c5\u03c1\u03ad\u03bb\u03bb\u03b7\u03c2 \u03a3. (\u03b5\u03c0\u03b9\u03bc.)&nbsp;<em>\u039a\u03bf\u03b9\u03bd\u03c9\u03bd\u03b9\u03ba\u03cc\u03c2 \u03ac\u03c4\u03bb\u03b1\u03bd\u03c4\u03b1\u03c2 \u03c4\u03b7\u03c2 \u0391\u03b8\u03ae\u03bd\u03b1\u03c2. \u0397\u03bb\u03b5\u03ba\u03c4\u03c1\u03bf\u03bd\u03b9\u03ba\u03ae \u03c3\u03c5\u03bb\u03bb\u03bf\u03b3\u03ae \u03ba\u03b5\u03b9\u03bc\u03ad\u03bd\u03c9\u03bd \u03ba\u03b1\u03b9 \u03b5\u03c0\u03bf\u03c0\u03c4\u03b9\u03ba\u03bf\u03cd \u03c5\u03bb\u03b9\u03ba\u03bf\u03cd.&nbsp;<\/em><a href=\"https:\/\/doi.org\/10.17902\/20971.63\" target=\"_blank\" rel=\"noreferrer noopener\"><em>https:\/\/doi.org\/10.17902\/20971.63<\/em><\/a><\/p>\n\n\n\n<p>Skleparis D, Armakolas I. <strong>The refugee crisis and the role of NGOs, civil society, and media in Greece<\/strong>. In: Phillips DL (ed), Balkan Human Corridor. Columbia University\/ISHR, pp.171\u2013184.<\/p>\n\n\n\n<p>Tramountanis, A. (2016). <strong>The integration process at the local level: The case of second generation immigrants in the Municipality of Athens<\/strong>, in Thanopoulou, M., Mouriki, A., Tsiganou, J. (eds) \u201cEmployment and Social Policy in the Athens Municipality: Research Outlines\u201d, National Centre for Social Research (pp 45-63) (in greek)<\/p>\n\n\n\n<p><\/p>\n\n\n\n<hr class=\"wp-block-separator has-alpha-channel-opacity\"\/>\n\n\n\n<p class=\"has-large-font-size\">Other publications<\/p>\n\n\n\n<p>Anagnostou D, Kontogianni A, Skleparis D, Tzogopoulos G. <strong>Local Government and Migrant Integration in Greece<\/strong>. ELIAMEP (Report).&nbsp;<a href=\"https:\/\/www.eliamep.gr\/wp-content\/uploads\/2015\/12\/Case.study_.report.FINAL_.pdf\" target=\"_blank\" rel=\"noreferrer noopener\">https:\/\/www.eliamep.gr\/wp-content\/uploads\/2015\/12\/Case.study_.report.FINAL_.pdf<\/a><\/p>\n\n\n\n<p>Crawley H, Duvell F, Jones K, Skleparis D. <strong>Understanding the dynamics of migration to Greece and the EU: drivers, decisions and destinations<\/strong>. Coventry University (Research Brief).<\/p>\n\n\n\n<p>Dimitriadi, A. (2016) The Impact of the EU-Turkey Statement on Protection and Reception: The Case of Greece, Roma, IAI.<\/p>\n\n\n\n<p>Gillespie M, Lawrence A, Cheesman M, et al. (incl. Skleparis D). <strong>Mapping Refugee Media Journeys: Smartphones and Social Media Networks<\/strong>. The Open University \/ France M\u00e9dias Monde (Report).&nbsp;<a href=\"https:\/\/doi.org\/10.13140\/RG.2.2.15633.22888\" target=\"_blank\" rel=\"noreferrer noopener\">https:\/\/doi.org\/10.13140\/RG.2.2.15633.22888<\/a><\/p>\n<\/div>\n<\/div>\n<\/div>\n","protected":false},"excerpt":{"rendered":"<p>2025 Journal Articles Maloutas, T., Spyrellis, S.N., (2025).&nbsp;Permanence and change in urban segregation. Segregation trends in different neighbourhoods of Athens 1991-2021,&nbsp;European Urban and Regional Studies.&nbsp;https:\/\/doi.org\/10.1177\/0969776425138896 Maloutas, T., Spyrellis, S. N., &amp; Vatavali, F.&nbsp;(2025).&nbsp;Unregulated Urban Regeneration in Athens: Greening and Taxation of the Built Environment as Impending Levers of Increasing Inequalities,&nbsp;Land, 14(4), 777.&nbsp;https:\/\/doi.org\/10.3390\/land14040777 Skleparis D, Karyotis [&hellip;]<\/p>\n","protected":false},"author":1,"featured_media":0,"parent":0,"menu_order":0,"comment_status":"closed","ping_status":"closed","template":"","meta":{"footnotes":""},"class_list":["post-27","page","type-page","status-publish","hentry"],"jetpack_sharing_enabled":true,"jetpack_shortlink":"https:\/\/wp.me\/PhcU9x-r","_links":{"self":[{"href":"https:\/\/imru.ekke.gr\/index.php\/wp-json\/wp\/v2\/pages\/27","targetHints":{"allow":["GET"]}}],"collection":[{"href":"https:\/\/imru.ekke.gr\/index.php\/wp-json\/wp\/v2\/pages"}],"about":[{"href":"https:\/\/imru.ekke.gr\/index.php\/wp-json\/wp\/v2\/types\/page"}],"author":[{"embeddable":true,"href":"https:\/\/imru.ekke.gr\/index.php\/wp-json\/wp\/v2\/users\/1"}],"replies":[{"embeddable":true,"href":"https:\/\/imru.ekke.gr\/index.php\/wp-json\/wp\/v2\/comments?post=27"}],"version-history":[{"count":90,"href":"https:\/\/imru.ekke.gr\/index.php\/wp-json\/wp\/v2\/pages\/27\/revisions"}],"predecessor-version":[{"id":1222,"href":"https:\/\/imru.ekke.gr\/index.php\/wp-json\/wp\/v2\/pages\/27\/revisions\/1222"}],"wp:attachment":[{"href":"https:\/\/imru.ekke.gr\/index.php\/wp-json\/wp\/v2\/media?parent=27"}],"curies":[{"name":"wp","href":"https:\/\/api.w.org\/{rel}","templated":true}]}}